{"id":91,"date":"2017-01-19T12:36:51","date_gmt":"2017-01-19T11:36:51","guid":{"rendered":"http:\/\/buntesherzmusik.de\/?page_id=91"},"modified":"2024-02-24T18:40:36","modified_gmt":"2024-02-24T17:40:36","slug":"news","status":"publish","type":"page","link":"https:\/\/buntesherzmusik.de\/?page_id=91","title":{"rendered":"News"},"content":{"rendered":"<div class=\"mtm _5pco\" data-testid=\"post_message\" data-ft=\"{&quot;tn&quot;:&quot;K&quot;}\">\n<div id=\"js_5s\" class=\"_5pbx userContent _3576\" data-testid=\"post_message\" data-ft=\"{&quot;tn&quot;:&quot;K&quot;}\">\n<p><strong>Doppelkonzert am 10.03.24 mit der Microphone Mafia im Backes<\/strong><\/p>\n<p><a href=\"https:\/\/buntesherzmusik.de\/wp-content\/uploads\/2024\/02\/Plakat_20x-DINA4_bunt.pdf\"><img loading=\"lazy\" decoding=\"async\" class=\"alignnone size-medium wp-image-470\" src=\"https:\/\/buntesherzmusik.de\/wp-content\/uploads\/2024\/02\/plakat-213x300.png\" alt=\"\" width=\"213\" height=\"300\" srcset=\"https:\/\/buntesherzmusik.de\/wp-content\/uploads\/2024\/02\/plakat-213x300.png 213w, https:\/\/buntesherzmusik.de\/wp-content\/uploads\/2024\/02\/plakat.png 355w\" sizes=\"auto, (max-width: 213px) 100vw, 213px\" \/><\/a><\/p>\n<p><strong>Buntes Herz beim colognepride in der LanxessArena<\/strong><\/p>\n<p>Am 09.10. und am 10.10. rocken wir die <a class=\"profileLink\" href=\"https:\/\/www.facebook.com\/LANXESSarena\/?fref=mentions&amp;__xts__%5B0%5D=68.ARDiE6NWI2IH_4iI4NPk7rfc6aLg2hp8kG9H9w3TwtzXjAShlqdpfkqlW6KVL_DuYI9bNYLjI8oJ7MNRj-LJTznziVCm5LKgiaqAN-RD9bEMAFNLMY7N-KRLoTp3gTicm7B30DBGIMe_j0eUKPrAJ9iaswGBmHJe4yOuNvvAh2xAl5GfqCfc_4W_YjkvujfrfLPK0ueTCaV07jjiq1B-V9mryudpgCiXVdqe4vwDJZ0cANymhDUk2nsZ34HKAVWlr51ffAMRdN2SkB5uj3AGxWcDOD1kvKLXu8DmQfiQ1GGD-FfE9rNS1lG3PTRiswcBq4zP56wal1H0kPYAeLxl0hncPQ&amp;__tn__=K-R\">LANXESS arena<\/a> beim Cologne Pride.<\/p>\n<p>Sichert Euch jetzt Karten auf <a href=\"http:\/\/www.pridenow.de\/\" target=\"_blank\" rel=\"noopener nofollow noreferrer\" data-ft=\"{&quot;tn&quot;:&quot;-U&quot;}\" data-lynx-mode=\"async\" data-lynx-uri=\"https:\/\/l.facebook.com\/l.php?u=http%3A%2F%2Fwww.pridenow.de%2F&amp;h=AT1AK6aXC3vAca-1D4mJ4I7xae9Z8aaRawCoaFPJZPMBHSgFqtFeRGCVN4qmeSW8Ho-FVv83Yxa_tc6L5XG9pogiXyo0T-nz79ZFE0BIHVn6Zju10m1OF0ACE8Ft_LoQ9xdvYMyuBdMnejdxRVdnqubtqeirCwgvqmbY6LsmJ9XiF3WuT-cdr6P8CgKDYFDG1cPgInB4kYJP93_nt_vlKZMwZXwvo4GTShqitivTZfBigiNb4657prAZI-QQ7sZhyEabGBhwl9Ls19bjJK7TqRRduthhSeS9ICMRWnVCZYwmAPbQjryCttBe6r3zmy9eAO4d5ZdZqAu3p0F7anTiDfX4aD8IMKKrASP1NrYKLB63MSyLgXwjyl6-2zdEt9P7R8y09auM2m3o7WccFU2fhY3VMZa9yUQG7UaiKBIjp0Li5BABNK2N_0OQIVUfWq601eZhSAXOtpzVa2NdJch0vR4B1LRer-_uZ20-lM46C7RAyd_dtCpGdwASp19IO2DgRxCiPZO7xhRwiO-idLeDsUqf333MdteCZ3JeMC2O-bAcBf_GJVx3vqm-1tEICm5SEopzeBNz6mnYi0yMFrQNWA5-__EmyeZnOHQuKPVIBVm6iTT6TZQPD221-E8FhyaVVR12hWA1eimiQMH0VtlBAlf0P8Pj_do85mJSWQ\">www.pridenow.de<\/a><\/p>\n<p>Mit dabei sind folgende K\u00fcnstler_innen:<span class=\"text_exposed_show\"><br \/>\n<a class=\"profileLink\" href=\"https:\/\/www.facebook.com\/FinnundJonas\/?fref=mentions&amp;__xts__%5B0%5D=68.ARDiE6NWI2IH_4iI4NPk7rfc6aLg2hp8kG9H9w3TwtzXjAShlqdpfkqlW6KVL_DuYI9bNYLjI8oJ7MNRj-LJTznziVCm5LKgiaqAN-RD9bEMAFNLMY7N-KRLoTp3gTicm7B30DBGIMe_j0eUKPrAJ9iaswGBmHJe4yOuNvvAh2xAl5GfqCfc_4W_YjkvujfrfLPK0ueTCaV07jjiq1B-V9mryudpgCiXVdqe4vwDJZ0cANymhDUk2nsZ34HKAVWlr51ffAMRdN2SkB5uj3AGxWcDOD1kvKLXu8DmQfiQ1GGD-FfE9rNS1lG3PTRiswcBq4zP56wal1H0kPYAeLxl0hncPQ&amp;__tn__=K-R\">Finn &amp; Jonas<\/a>, <a class=\"profileLink\" href=\"https:\/\/www.facebook.com\/kerstinottofficial\/?fref=mentions&amp;__xts__%5B0%5D=68.ARDiE6NWI2IH_4iI4NPk7rfc6aLg2hp8kG9H9w3TwtzXjAShlqdpfkqlW6KVL_DuYI9bNYLjI8oJ7MNRj-LJTznziVCm5LKgiaqAN-RD9bEMAFNLMY7N-KRLoTp3gTicm7B30DBGIMe_j0eUKPrAJ9iaswGBmHJe4yOuNvvAh2xAl5GfqCfc_4W_YjkvujfrfLPK0ueTCaV07jjiq1B-V9mryudpgCiXVdqe4vwDJZ0cANymhDUk2nsZ34HKAVWlr51ffAMRdN2SkB5uj3AGxWcDOD1kvKLXu8DmQfiQ1GGD-FfE9rNS1lG3PTRiswcBq4zP56wal1H0kPYAeLxl0hncPQ&amp;__tn__=K-R\">Kerstin Ott<\/a>, MICHELLE, <a class=\"profileLink\" href=\"https:\/\/www.facebook.com\/tuttytrancomedy\/?fref=mentions&amp;__xts__%5B0%5D=68.ARDiE6NWI2IH_4iI4NPk7rfc6aLg2hp8kG9H9w3TwtzXjAShlqdpfkqlW6KVL_DuYI9bNYLjI8oJ7MNRj-LJTznziVCm5LKgiaqAN-RD9bEMAFNLMY7N-KRLoTp3gTicm7B30DBGIMe_j0eUKPrAJ9iaswGBmHJe4yOuNvvAh2xAl5GfqCfc_4W_YjkvujfrfLPK0ueTCaV07jjiq1B-V9mryudpgCiXVdqe4vwDJZ0cANymhDUk2nsZ34HKAVWlr51ffAMRdN2SkB5uj3AGxWcDOD1kvKLXu8DmQfiQ1GGD-FfE9rNS1lG3PTRiswcBq4zP56wal1H0kPYAeLxl0hncPQ&amp;__tn__=K-R\">Tutty Tran<\/a>, <a class=\"profileLink\" href=\"https:\/\/www.facebook.com\/marcelmanncomedy\/?fref=mentions&amp;__xts__%5B0%5D=68.ARDiE6NWI2IH_4iI4NPk7rfc6aLg2hp8kG9H9w3TwtzXjAShlqdpfkqlW6KVL_DuYI9bNYLjI8oJ7MNRj-LJTznziVCm5LKgiaqAN-RD9bEMAFNLMY7N-KRLoTp3gTicm7B30DBGIMe_j0eUKPrAJ9iaswGBmHJe4yOuNvvAh2xAl5GfqCfc_4W_YjkvujfrfLPK0ueTCaV07jjiq1B-V9mryudpgCiXVdqe4vwDJZ0cANymhDUk2nsZ34HKAVWlr51ffAMRdN2SkB5uj3AGxWcDOD1kvKLXu8DmQfiQ1GGD-FfE9rNS1lG3PTRiswcBq4zP56wal1H0kPYAeLxl0hncPQ&amp;__tn__=K-R\">Marcel Mann<\/a>, <a class=\"profileLink\" href=\"https:\/\/www.facebook.com\/abendsmitbeleuchtung\/?fref=mentions&amp;__xts__%5B0%5D=68.ARDiE6NWI2IH_4iI4NPk7rfc6aLg2hp8kG9H9w3TwtzXjAShlqdpfkqlW6KVL_DuYI9bNYLjI8oJ7MNRj-LJTznziVCm5LKgiaqAN-RD9bEMAFNLMY7N-KRLoTp3gTicm7B30DBGIMe_j0eUKPrAJ9iaswGBmHJe4yOuNvvAh2xAl5GfqCfc_4W_YjkvujfrfLPK0ueTCaV07jjiq1B-V9mryudpgCiXVdqe4vwDJZ0cANymhDUk2nsZ34HKAVWlr51ffAMRdN2SkB5uj3AGxWcDOD1kvKLXu8DmQfiQ1GGD-FfE9rNS1lG3PTRiswcBq4zP56wal1H0kPYAeLxl0hncPQ&amp;__tn__=K-R\">Abends mit Beleuchtung<\/a>, Erika Laste und THE FRONTM3N<\/span><\/p>\n<p><img loading=\"lazy\" decoding=\"async\" class=\"alignnone size-medium wp-image-382\" src=\"https:\/\/buntesherzmusik.de\/wp-content\/uploads\/2020\/10\/118775373_1530546660469292_948107117386229519_o-206x300.jpg\" alt=\"\" width=\"206\" height=\"300\" srcset=\"https:\/\/buntesherzmusik.de\/wp-content\/uploads\/2020\/10\/118775373_1530546660469292_948107117386229519_o-206x300.jpg 206w, https:\/\/buntesherzmusik.de\/wp-content\/uploads\/2020\/10\/118775373_1530546660469292_948107117386229519_o.jpg 659w\" sizes=\"auto, (max-width: 206px) 100vw, 206px\" \/><\/p>\n<p><strong>Buntes Herz feat. Microphone Mafia &#8211; Kein Veedel f\u00fcr Rassismus!<\/strong><\/p>\n<p><iframe loading=\"lazy\" hcb-fetch-image-from=\"https:\/\/www.youtube.com\/watch?v=dvcr_A7bPy4\" title=\"Buntes Herz (feat. Microphone Mafia) - Kein Veedel f\u00fcr Rassismus (official video)\" width=\"525\" height=\"295\" src=\"https:\/\/www.youtube.com\/embed\/dvcr_A7bPy4?feature=oembed\" frameborder=\"0\" allow=\"accelerometer; autoplay; clipboard-write; encrypted-media; gyroscope; picture-in-picture; web-share\" referrerpolicy=\"strict-origin-when-cross-origin\" allowfullscreen><\/iframe><\/p>\n<p>JETZT NEUES VIDEO ONLINE. &amp; SONG\u00a0 GRATIS STREAMEN AUF <a href=\"https:\/\/open.spotify.com\/album\/2wzD1HUJIu8NFz2q3m4gAN?si=557BIELhSNW0moCc-U8C1g\">SPOTIFY <\/a><\/p>\n<p><em>Hier der Text im Originaltonlaut: (die deutsche \u00dcbersetzung findet Ihr unter dem Originaltext)<\/em><\/p>\n<p>86 Veedel und ich liebe diese Stadt.<\/p>\n<p>Ich lieb die Aussicht vom Oasis auf den Alter Markt.<\/p>\n<p>Ich lieb\u2018 es, wenn der Rhein die Schiffe tr\u00e4gt und die Stadt erwacht.<\/p>\n<p>Mag es nicht, wenn ein Spinner Propaganda macht.<\/p>\n<p>Denn diese Stadt ist bunt und lebt von ihren Farben.<\/p>\n<p>Von all\u2018 ihrem Glanz trotz all\u2018 ihrer Narben.<\/p>\n<p>86 Veedel gegen Hetze und Propaganda.<\/p>\n<p>Kein Platz hier f\u00fcr geistige Brandstifter.<\/p>\n<p>Ja klar, jeder darf hier anders sein, doch darf das kein Lippenbekenntnis bleiben.<\/p>\n<p>Es geht um Respekt, Achtung, solidarisches Leben.<\/p>\n<p>Also muss das Mahnmal an der Keupstra\u00dfe stehen (EIN PLATZ F\u00dcR ALLE!)<\/p>\n<p><u>Refrain<\/u><\/p>\n<p>Mer schwenken all\u2018 die bunte Fahn&#8216;, die janze Stadt ist laut dobei.<\/p>\n<p>Umh\u00fcllt in 1 Million F\u00e4rv, uns\u2019re Jedanke blieven frei.<\/p>\n<p>Denn jeder Mensch der darf he anders sin, zesamme krieje mer dat hin.<\/p>\n<p>Dat uns Stadt bliev bunt su wie se es:<\/p>\n<p>KEIN VEEDEL F\u00dcR RASSISMUS \u2013 DAT STEIHT FESS!<\/p>\n<p>Parlamme uagliu, can tame uagliu.<\/p>\n<p>Seno Nu poche I pace cha nun torne chiu.<\/p>\n<p>Pecche sta citta tene mille colore.<\/p>\n<p>E po se Mett a chiannere Pecche tene ille dolore.<\/p>\n<p>E po se Mett a ridere quande ver a stu duome.<\/p>\n<p>Pecche sta citta ta braccie si si viecchie o pure giovene.<\/p>\n<p>Susma Durma kar\u015f\u0131 gel \u0131rk\u00e7\u0131l\u0131\u011fa<\/p>\n<p>Bakma Ka\u00e7ma bizim i\u00e7in bu d\u00fcnya<\/p>\n<p>Korkma \u015ea\u015fma g\u00f6n\u00fcl ver insanl\u0131\u011fa<\/p>\n<p>Aldanma Kanma kaybederiz sustuk\u00e7a<\/p>\n<p>\u0130nsanl\u0131k karde\u015flik bize bu hedefler gerek<\/p>\n<p>Herkesin Meydan\u0131 Keupstr&#8217;da gerek<\/p>\n<p>Refrain<\/p>\n<\/div>\n<p><strong><em>UND HIER DIE DEUTSCHE \u00dcBERSETZUNG<\/em><\/strong><\/p>\n<p>86 Veedel und ich liebe diese Stadt.<\/p>\n<p>Ich lieb die Aussicht vom Oasis auf den Alter Markt.<\/p>\n<p>Ich lieb\u2018 es, wenn der Rhein die Schiffe tr\u00e4gt und die Stadt erwacht.<\/p>\n<p>Mag es nicht, wenn ein Spinner Propaganda macht.<\/p>\n<p>Denn diese Stadt ist bunt und lebt von ihren Farben.<\/p>\n<p>Von all\u2018 ihrem Glanz trotz all\u2018 ihrer Narben.<\/p>\n<p>86 Veedel gegen Hetze und Propaganda.<\/p>\n<p>Kein Platz hier f\u00fcr geistige Brandstifter.<\/p>\n<p>Ja klar, jeder darf hier anders sein, doch darf das kein Lippenbekenntnis bleiben.<\/p>\n<p>Es geht um Respekt, Achtung, solidarisches Leben.<\/p>\n<p>Also muss das Mahnmal an der Keupstra\u00dfe stehen (EIN PLATZ F\u00dcR ALLE!)<\/p>\n<p><u>Refrain<\/u><\/p>\n<p>Mer schwenken all\u2018 die bunte Fahne, die janze Stadt ist laut dobei.<\/p>\n<p>Umh\u00fcllt in 1 Million F\u00e4rv, uns\u2019re Jedanke blieven frei.<\/p>\n<p>Denn jeder Mensch der darf he anders sin, zesamme krieje mer dat hin.<\/p>\n<p>Dat uns Stadt bliev bunt su wie se es:<\/p>\n<p>KEIN VEEDEL F\u00dcR RASSISMUS \u2013 DAT STEIHT FESS!<\/p>\n<p>Kommt Leute, lasst uns reden, lasst uns singen.<\/p>\n<p>Sonnst kehrt ein bisschen Frieden nie zur\u00fcck.<\/p>\n<p>Denn diese Stadt hat 1000 Farben.<\/p>\n<p>Doch dann f\u00e4ngt sie an zu weinen, denn sie hat auch 1000 Schmerzen.<\/p>\n<p>Dann f\u00e4ngt sie zu lachen an, wenn sie den Dom sieht.<\/p>\n<p>Denn diese Stadt umarmt jeden, ob jung oder alt.<\/p>\n<p>Schweige nicht, sei nicht unt\u00e4tig, stelle dich gegen Rassismus!<\/p>\n<p>Schaue nicht nur zu, lauf nicht weg, diese Welt ist f\u00fcr uns alle.<\/p>\n<p>Habe keine Angst, lass dich nicht ablenken, widme dich der Menschlichkeit!<\/p>\n<p>Lass dich nicht beirren, lass dich nicht bel\u00fcgen, wir verlieren, wenn wir schweigen.<\/p>\n<p>Menschlichkeit und Solidarit\u00e4t sind die zu erreichenden Ziele.<\/p>\n<p>Der Platz f\u00fcr alle, das Mahnmal, muss an der Keupstra\u00dfe stehen.<\/p>\n<\/div>\n<p>_________________________________________________________________________________<\/p>\n<div class=\"mtm _5pco\" data-testid=\"post_message\" data-ft=\"{&quot;tn&quot;:&quot;K&quot;}\">\n<div id=\"js_5s\" class=\"_5pbx userContent _3576\" data-testid=\"post_message\" data-ft=\"{&quot;tn&quot;:&quot;K&quot;}\">\n<p>Karneval steht vor der T\u00fcr und wir freuen uns auf die beiden Shows, die wir \u00fcber die verr\u00fcckten Tage geben:<\/p>\n<p>19.02.20 Karnevalssitzung in der JVA K\u00f6ln<\/p>\n<p>22.02.20 15:30h, Kleinster Zuch vun K\u00f6lle in der <a class=\"profileLink\" href=\"https:\/\/www.facebook.com\/Schulze-Delitzsch-Strasse-340763465949025\/?__tn__=K-R&amp;eid=ARAtPIs9C4_LGbcbq1U3n0qNBSkw3qw4bfqBP80piY28UuKX-GTIW00jWjIlqENrNc5Keyb7AzGHFDJf&amp;fref=mentions&amp;__xts__%5B0%5D=68.ARCVGjbsGP2uyAL71SJfIRToozGQ1z_YImrQvCW9nYQ5AH4Pe4IMEJOCoxGvSqHUwQSdoIJUCx9ZCziqvUSVsHYoZ1i-gmxhWLVf9soVBTxFroH-9ZRUmrC1fPG3stGHR2m8Q7MSsIlYN6V5pSRog1PVsW8PmL17nEEle55DdyFrC__-gAuXJtpdpxE7P17njdLxLwUOhyRm_LVh25D_zB-nmYPmHcUIGUWV6dOVxipcBIzVTtMbLsrbF0lJgDewHAo4chnPp_YyH95aUmrGve8j05TrAOSRRbJaybARhfzWfll4Po8y9uSJNqDtbv1PTO3f9YaRDy3JdthEragXt8BC9A\" data-hovercard=\"\/ajax\/hovercard\/page.php?id=340763465949025&amp;extragetparams=%7B%22__tn__%22%3A%22%2CdK-R-R%22%2C%22eid%22%3A%22ARAtPIs9C4_LGbcbq1U3n0qNBSkw3qw4bfqBP80piY28UuKX-GTIW00jWjIlqENrNc5Keyb7AzGHFDJf%22%2C%22fref%22%3A%22mentions%22%7D\" data-hovercard-prefer-more-content-show=\"1\">Schulze-Delitzsch-Strasse<\/a><\/p>\n<\/div>\n<p><img loading=\"lazy\" decoding=\"async\" class=\"alignnone size-medium wp-image-358\" src=\"https:\/\/buntesherzmusik.de\/wp-content\/uploads\/2020\/02\/86290748_1368206326703327_7202275090099077120_n-204x300.jpg\" alt=\"\" width=\"204\" height=\"300\" srcset=\"https:\/\/buntesherzmusik.de\/wp-content\/uploads\/2020\/02\/86290748_1368206326703327_7202275090099077120_n-204x300.jpg 204w, https:\/\/buntesherzmusik.de\/wp-content\/uploads\/2020\/02\/86290748_1368206326703327_7202275090099077120_n.jpg 653w\" sizes=\"auto, (max-width: 204px) 100vw, 204px\" \/> <img loading=\"lazy\" decoding=\"async\" class=\"alignnone size-medium wp-image-359\" src=\"https:\/\/buntesherzmusik.de\/wp-content\/uploads\/2020\/02\/86336782_1368206376703322_4952640549816369152_n-210x300.jpg\" alt=\"\" width=\"210\" height=\"300\" srcset=\"https:\/\/buntesherzmusik.de\/wp-content\/uploads\/2020\/02\/86336782_1368206376703322_4952640549816369152_n-210x300.jpg 210w, https:\/\/buntesherzmusik.de\/wp-content\/uploads\/2020\/02\/86336782_1368206376703322_4952640549816369152_n.jpg 673w\" sizes=\"auto, (max-width: 210px) 100vw, 210px\" \/><\/p>\n<p>_____________________________________________________________________________<\/p>\n<p>N\u00e4chster Auftritt: 18.01.2020 B\u00fcrgerzentrum Ehrenfeld<\/p>\n<p><img loading=\"lazy\" decoding=\"async\" class=\"alignnone  wp-image-351\" src=\"https:\/\/buntesherzmusik.de\/wp-content\/uploads\/2020\/01\/81537512_2787861674609802_5622145622489432064_n-300x188.jpg\" alt=\"\" width=\"414\" height=\"260\" srcset=\"https:\/\/buntesherzmusik.de\/wp-content\/uploads\/2020\/01\/81537512_2787861674609802_5622145622489432064_n-300x188.jpg 300w, https:\/\/buntesherzmusik.de\/wp-content\/uploads\/2020\/01\/81537512_2787861674609802_5622145622489432064_n-768x480.jpg 768w, https:\/\/buntesherzmusik.de\/wp-content\/uploads\/2020\/01\/81537512_2787861674609802_5622145622489432064_n.jpg 960w\" sizes=\"auto, (max-width: 414px) 100vw, 414px\" \/><\/p>\n<p>_____________________________________________________________________________<\/p>\n<p>Unser neues Musikvideo zu dem Song &#8222;Heimat&#8220; aus unserem Album &#8222;Pulsschlag&#8220;.<\/p>\n<p>Bewegte Zeiten lassen Menschen auf der ganzen Welt fragen: &#8222;Wo ist meine Heimat?&#8220; &#8222;Was ist (meine) Heimat?&#8220; &#8222;Wie ist meine Heimat?&#8220;<\/p>\n<p>Besonders im Rahmen des Krieges in <a class=\"profileLink\" href=\"https:\/\/www.facebook.com\/hashtag\/rojava\" data-hovercard=\"\/ajax\/hovercard\/hovercard.php?id=542273172459775&amp;extragetparams=%7B%22fref%22%3A%22mentions%22%7D\" data-hovercard-prefer-more-content-show=\"1\">#Rojava<\/a> gewinnt das Musikvideo gegenw\u00e4rtig an Relevanz.<\/p>\n<p>H\u00f6rt euch Pulsschlag auf Spotify an:<br \/>\n<a href=\"https:\/\/open.spotify.com\/album\/4sAmCH0uDILjAFk7mP46kf\" target=\"_blank\" rel=\"noopener nofollow noreferrer\" data-ft=\"{&quot;tn&quot;:&quot;-U&quot;}\" data-lynx-mode=\"async\" data-lynx-uri=\"https:\/\/l.facebook.com\/l.php?u=https%3A%2F%2Fopen.spotify.com%2Falbum%2F4sAmCH0uDILjAFk7mP46kf\">https:\/\/open.spotify.com\/album\/4sAmCH0uDILjAFk7mP46kf<\/a><\/p>\n<p>camera &amp; edit: Gerhard von Richthofen<\/p>\n<\/div>\n<p>_____________________________________________________________________________<\/p>\n<p>Der K\u00f6lner Stadtanzeiger hat eine Kritik \u00fcber unser Album PULSSCHLAG herausgegeben. Wir freuen uns sehr dar\u00fcber, aber lest hier selbst nach:<\/p>\n<p><a href=\"https:\/\/www.ksta.de\/koeln\/neue-cd-von-koelner-band--buntes-herz--von-heimat--hoffnung-und-vertreibung-32768490\">https:\/\/www.ksta.de\/koeln\/neue-cd-von-koelner-band&#8211;buntes-herz&#8211;von-heimat&#8211;hoffnung-und-vertreibung-32768490<\/a><\/p>\n<p>_____________________________________________________________________________<\/p>\n<p>Am 23.03.2019 spielen wir anl\u00e4sslich des Newroz-, bzw. Nouruzfestes in der <a class=\"profileLink\" href=\"https:\/\/www.facebook.com\/pages\/Lutherkirche-K%C3%B6ln\/152161404821437?__tn__=K-R&amp;eid=ARAnH4KHnntYmYDlkx-Kqg2ARi5ZPMM5kzZWJe2MaluH7Z6HJccCKZ4pFqlN1XfFM8UIhUwem9srXNk2&amp;fref=mentions&amp;__xts__%5B0%5D=68.ARCHT4BnR-98oABs3YK6_KU0wmngOnPqch7iuUjOcGYvWEFJJRfb5ex6yHGAnSMn3JJjxFOHuWXhQAtIJqhLG7dtsgFNuTzZ9nL35_Zl-tl8XUKY6FZ-v8NgnV5DneexUeC6H6blhijzkJu70r9uDTxZAEfguXfCVJiTZKLSssQoP2bYWZzF3J-NFAmoWPYplVvngu0l7bLrPcnfnDvsT8KCuOJLWO_zobZSkz-Qf1zqGU8CUKBjLQftp8BrIC6yeKavFavadIPOauIiQYKTg7wd4U6bpYRoplzwSJmu6w9gItg2cz_S2lTUOPTtZ4aLw0wadKNZIr4eqo6oeTdTgBRD1A\" data-hovercard=\"\/ajax\/hovercard\/page.php?id=152161404821437&amp;extragetparams=%7B%22__tn__%22%3A%22%2CdK-R-R%22%2C%22eid%22%3A%22ARAnH4KHnntYmYDlkx-Kqg2ARi5ZPMM5kzZWJe2MaluH7Z6HJccCKZ4pFqlN1XfFM8UIhUwem9srXNk2%22%2C%22fref%22%3A%22mentions%22%7D\" data-hovercard-prefer-more-content-show=\"1\">Lutherkirche (K\u00f6ln)<\/a>.<\/p>\n<p>Hier zu den Tickets: <a href=\"https:\/\/l.facebook.com\/l.php?u=https%3A%2F%2Flutherkirche.ticket.io%2F%3Ffbclid%3DIwAR2ZcCqEKmgHrsnwfDXrsLCX7_c85MsZsYXPhYgoLiL_Hwrel9Dh5CJjQ7Y&amp;h=AT2ndrdT2ptE7WIszE29rANoAvnfeHuAWaXhPLIPc50FSkkUZqDfEM-xgZOi7Pk3HpcRQXZYqlg-Wny4DbKsdKR9t5F-N6ZFxwne9DMNKvPytADgOmakbZuv-PcZHDIvQH35bHa-5ptOYpAD1IvJhNBmHsuR5TLSNKIoEEZ4aZoyfNqzO35k1b8PF0hPgW87pfG8Zgu7jxji1dHhOqnRFHINNAuC9qo42ArPiVDE9Jecq5ul7AnOCkELIN_0nSE0nfvdwsUDKcESanaXfyewkPles5_pHT-UVDWFOicj4aKlqV6W1NbC8YQmOWV4EYHVTd5foyTwaRiRtJOE42Q6_WBzQxA1ZjqQ3vuLRXncqO_-tfgX_0ab8v8zMRthC7g1ArKuulazHBLwDrh9l8L1vFPpKfh_qrUpFokVSpNu3Pl6RHpqivqB4Sy9k69Rh4RRY3UgdoUTxMlu1eODlorIa8m2y92AXWTNQ4t2LZhlelBPWFiG783NBF0evuuRUyiQXYLv-kbh_UjJ3SR3gi-tw5YXTgS2Et3wPcc0XzHF6G0YSMxEQw963A_HV_qDWFvvQf6-Xk2rE9g--P6hwSx_WUTs9xBoNBYNToqI4FksXENHnRxstQEr4AaFDIboCHzweJUL\" target=\"_blank\" rel=\"noopener nofollow noreferrer\" data-ft=\"{&quot;tn&quot;:&quot;-U&quot;}\" data-lynx-mode=\"async\">https:\/\/lutherkirche.ticket.io\/<\/a><\/p>\n<p>&#8222;Zum neunten Mal pr\u00e4sentiert \u201eFr\u00fchling der Kulturen\u201c in der Lutherkirche Musiken jener V\u00f6lker, deren Jahresanfang auch auf den Fr\u00fchlingsbeginn am 21. M\u00e4rz f\u00e4llt. Ob kurdisch \u201eNewroz\u201c, persisch \u201eNourouz\u201c oder koptisch \u201eNairuz\u201c &#8211; das alte Neujahrsfest bietet uns eine willkommene Gelegenheit, viele verschiedene Musikstile, Mensch<span class=\"text_exposed_show\">en und Kulturen zusammenzubringen.<\/span><\/p>\n<div class=\"text_exposed_show\">\n<p>Dieses Jahr steht das Fest im Zeichen orientalischer Musik \u2013 und vereinigt bedeutende Klangk\u00fcnstler aus gro\u00dfen Metropolen und kleinen D\u00f6rfern. Sie alle repr\u00e4sentieren eine Vielfalt der Kl\u00e4nge und Stimmen, die in ihrer Heimat aktuell oft bedroht ist. Musik lebt in der Gemeinschaft &#8211; und so laden wir Sie ein zum Fr\u00fchlingsfest &#8211; in der Hoffnung auf Neuanfang, Frieden und ein wildes Fest.&#8220;<\/p>\n<p>_________________________________________________________________________<\/p>\n<p><img decoding=\"async\" class=\"spotlight\" src=\"https:\/\/scontent-dus1-1.xx.fbcdn.net\/v\/t1.0-9\/52123770_1054019498122013_1656201176737120256_o.jpg?_nc_cat=101&amp;_nc_ht=scontent-dus1-1.xx&amp;oh=0ea948e4588feca7243e612af5f0cd99&amp;oe=5D14CFE4\" alt=\"Bild k\u00f6nnte enthalten: 3 Personen, Personen auf einer B\u00fchne und Text\" aria-busy=\"false\" \/><\/p>\n<p>Wummernde Ska- und Reggae-Beats treffen auf kurdische, arabische und t\u00fcrkische Folklore gepaart mit westlichem Rock: eine extravagante Mischung zum Skanken und Halay tanzen.<\/p>\n<p>Anl\u00e4sslich der CD-Release des neuen Albums PULSSCHLAG von BUNTES HERZ veranstalten SLIGHTLY RUDE und BUNTES HERZ im Ehrenfelder Szeneclub BARINTON ein Doppelkonzert, bei dem kein Bein still stehen kann.<\/p>\n<p>Tickets im VVK f\u00fcr 10\u20ac gibt es bei:<br \/>\n<a href=\"https:\/\/www.facebook.com\/MannisRastorang\/\" target=\"_blank\" rel=\"noopener noreferrer\">Mannis R\u00e4storang<\/a><br \/>\n<a href=\"https:\/\/www.facebook.com\/FuenfSterneOslo\/\" target=\"_blank\" rel=\"noopener noreferrer\">F\u00fcnf Sterne Oslo<\/a><\/p>\n<\/div>\n<p>__________________________________________________________________________<\/p>\n<p>Dr. Mark Benecke empfiehlt PULSSCHLAG<\/p>\n<p>https:\/\/www.facebook.com\/buntesherzmusik\/videos\/vb.462829893907646\/1653987418242019\/?type=2&#038;theater<\/p>\n<div id=\"js_79\" class=\"_5pbx userContent\" data-ft=\"{&quot;tn&quot;:&quot;K&quot;}\">\n<p>__________________________________________________________________________<\/p>\n<p>OLDER NEWS<\/p>\n<p><img loading=\"lazy\" decoding=\"async\" class=\"alignnone  wp-image-284\" src=\"https:\/\/buntesherzmusik.de\/wp-content\/uploads\/2018\/12\/48419917_1016439695213327_1012528369549443072_n-300x298.jpg\" alt=\"\" width=\"221\" height=\"219\" srcset=\"https:\/\/buntesherzmusik.de\/wp-content\/uploads\/2018\/12\/48419917_1016439695213327_1012528369549443072_n-300x298.jpg 300w, https:\/\/buntesherzmusik.de\/wp-content\/uploads\/2018\/12\/48419917_1016439695213327_1012528369549443072_n-150x150.jpg 150w, https:\/\/buntesherzmusik.de\/wp-content\/uploads\/2018\/12\/48419917_1016439695213327_1012528369549443072_n-768x762.jpg 768w, https:\/\/buntesherzmusik.de\/wp-content\/uploads\/2018\/12\/48419917_1016439695213327_1012528369549443072_n-100x100.jpg 100w, https:\/\/buntesherzmusik.de\/wp-content\/uploads\/2018\/12\/48419917_1016439695213327_1012528369549443072_n.jpg 960w\" sizes=\"auto, (max-width: 221px) 100vw, 221px\" \/><\/p>\n<p>Unser neues Album Pulsschlag ist nun als Download und stream verf\u00fcgbar:<\/p>\n<p><iframe loading=\"lazy\" hcb-fetch-image-from=\"https:\/\/www.amazon.de\/Pulsschlag-Buntes-Herz\/dp\/B07MVJV72J\/ref=sr_1_1?s=dmusic&amp;ie=UTF8&amp;qid=1548889384&amp;sr=1-1-mp3-albums-bar-strip-0&amp;keywords=Buntes+Herz\" title=\"Pulsschlag\" type=\"text\/html\" width=\"525\" height=\"550\" frameborder=\"0\" allowfullscreen style=\"max-width:100%\" src=\"https:\/\/lesen.amazon.de\/kp\/card?preview=inline&#038;linkCode=kpd&#038;ref_=k4w_oembed_isTgtG55mxbfWo&#038;asin=B07MVJV72J&#038;tag=kpembed-20\"><\/iframe><\/p>\n<p><iframe hcb-fetch-image-from=\"https:\/\/itunes.apple.com\/gb\/album\/id1449608179?fbclid=IwAR3pYNsbBD8XHRxVUd3ajRn23mAXulz591Zn1kjGbF58i43pcAY0MFscb7w\" class=\"wp-embedded-content\" sandbox=\"allow-scripts\" security=\"restricted\" title=\"Pulsschlag\" frameborder=\"0\" height=\"358\" src=\"https:\/\/embed.music.apple.com\/gb\/album\/pulsschlag\/1449608179#?secret=XUnLXEMDVf\" data-secret=\"XUnLXEMDVf\"><\/iframe><\/p>\n<p><iframe hcb-fetch-image-from=\"https:\/\/open.spotify.com\/album\/4sAmCH0uDILjAFk7mP46kf\" title=\"Spotify Embed: PULSSCHLAG\" style=\"border-radius: 12px\" width=\"100%\" height=\"352\" frameborder=\"0\" allowfullscreen allow=\"autoplay; clipboard-write; encrypted-media; fullscreen; picture-in-picture\" loading=\"lazy\" src=\"https:\/\/open.spotify.com\/embed\/album\/4sAmCH0uDILjAFk7mP46kf?utm_source=oembed\"><\/iframe><\/p>\n<p>__________________________________________________________________________<\/p>\n<p>Am 15.04.2018 spielen wir mit der gro\u00dfartigen BANDA COMUNALE ein Doppelkonzert im Staatsschauspiel Dresden. Ein Doppelkonzert, das ganz im Zeichen der Multinationalit\u00e4t und Weltmusik steht. Wir freuen uns sehr auf diesen Abend!<\/p>\n<p><img loading=\"lazy\" decoding=\"async\" class=\"alignnone wp-image-238\" src=\"https:\/\/buntesherzmusik.de\/wp-content\/uploads\/2018\/03\/cache_2474689478-211x300.jpg\" alt=\"\" width=\"294\" height=\"418\" srcset=\"https:\/\/buntesherzmusik.de\/wp-content\/uploads\/2018\/03\/cache_2474689478-211x300.jpg 211w, https:\/\/buntesherzmusik.de\/wp-content\/uploads\/2018\/03\/cache_2474689478.jpg 450w\" sizes=\"auto, (max-width: 294px) 100vw, 294px\" \/>Tickets: https:\/\/mzdw.reservix.de\/events<\/p>\n<p>\u00dcber die BANDA COMUNALE: https:\/\/www.youtube.com\/watch?v=XJ82h3VWOdI \/ http:\/\/www.bandacomunale.de\/<\/p>\n<p>__________________________________________________________________________<\/p>\n<p>10.01.2018<\/p>\n<p>Wir freuen uns bekannt zu geben, dass Mahmoud nach halbj\u00e4hriger beruflicher Pause nun wieder fest bei Buntes Herz spielt.<br \/>\nAu\u00dferdem ist der aus Koban\u00ea stammende Yanal Taher am Gesang zu uns gesto\u00dfen und ist fortan auch festes Bandmitglied.<\/p>\n<div class=\"text_exposed_show\">\n<p>Damit ist Buntes Herz zum einen &#8222;wiedervereint&#8220; als auch um einen hervorragenden Musiker reicher geworden <span class=\"_47e3 _5mfr\" title=\"\u201eheart\u201c-Emoticon\"><img loading=\"lazy\" decoding=\"async\" class=\"img\" role=\"presentation\" src=\"https:\/\/static.xx.fbcdn.net\/images\/emoji.php\/v9\/f6c\/1\/16\/2764.png\" alt=\"\" width=\"16\" height=\"16\" \/><\/span><\/p>\n<p><img loading=\"lazy\" decoding=\"async\" class=\"alignnone size-medium wp-image-230\" src=\"https:\/\/buntesherzmusik.de\/wp-content\/uploads\/2018\/01\/20258211_224222821435664_7409324990063643655_n-300x300.jpg\" alt=\"\" width=\"300\" height=\"300\" srcset=\"https:\/\/buntesherzmusik.de\/wp-content\/uploads\/2018\/01\/20258211_224222821435664_7409324990063643655_n-300x300.jpg 300w, https:\/\/buntesherzmusik.de\/wp-content\/uploads\/2018\/01\/20258211_224222821435664_7409324990063643655_n-150x150.jpg 150w, https:\/\/buntesherzmusik.de\/wp-content\/uploads\/2018\/01\/20258211_224222821435664_7409324990063643655_n-768x768.jpg 768w, https:\/\/buntesherzmusik.de\/wp-content\/uploads\/2018\/01\/20258211_224222821435664_7409324990063643655_n-100x100.jpg 100w, https:\/\/buntesherzmusik.de\/wp-content\/uploads\/2018\/01\/20258211_224222821435664_7409324990063643655_n.jpg 960w\" sizes=\"auto, (max-width: 300px) 100vw, 300px\" \/><img loading=\"lazy\" decoding=\"async\" class=\"alignnone size-medium wp-image-231\" src=\"https:\/\/buntesherzmusik.de\/wp-content\/uploads\/2018\/01\/artworks-000061362792-gfw98f-t500x500-300x300.jpg\" alt=\"\" width=\"300\" height=\"300\" srcset=\"https:\/\/buntesherzmusik.de\/wp-content\/uploads\/2018\/01\/artworks-000061362792-gfw98f-t500x500-300x300.jpg 300w, https:\/\/buntesherzmusik.de\/wp-content\/uploads\/2018\/01\/artworks-000061362792-gfw98f-t500x500-150x150.jpg 150w, https:\/\/buntesherzmusik.de\/wp-content\/uploads\/2018\/01\/artworks-000061362792-gfw98f-t500x500-100x100.jpg 100w, https:\/\/buntesherzmusik.de\/wp-content\/uploads\/2018\/01\/artworks-000061362792-gfw98f-t500x500.jpg 500w\" sizes=\"auto, (max-width: 300px) 100vw, 300px\" \/><\/p>\n<\/div>\n<p>__________________________________________________________________________<\/p>\n<p><span id=\"fbPhotoSnowliftCaption\" class=\"fbPhotosPhotoCaption\" tabindex=\"0\" aria-live=\"polite\" data-ft=\"{&quot;tn&quot;:&quot;K&quot;}\"><span class=\"hasCaption\">Am 24.06. hatten wir die Ehre f\u00fcr den Bundespr\u00e4sidenten, Frank-Walter Steinmeier, im Hansasaal des Historischen Rathaus der Stadt K\u00f6ln zu spielen.<\/span><\/span><\/p>\n<p><img loading=\"lazy\" decoding=\"async\" class=\"alignnone size-medium wp-image-211\" src=\"https:\/\/buntesherzmusik.de\/wp-content\/uploads\/2017\/01\/19955871_692094634314503_8127494964727118558_o-300x200.jpg\" alt=\"\" width=\"300\" height=\"200\" srcset=\"https:\/\/buntesherzmusik.de\/wp-content\/uploads\/2017\/01\/19955871_692094634314503_8127494964727118558_o-300x200.jpg 300w, https:\/\/buntesherzmusik.de\/wp-content\/uploads\/2017\/01\/19955871_692094634314503_8127494964727118558_o-768x512.jpg 768w, https:\/\/buntesherzmusik.de\/wp-content\/uploads\/2017\/01\/19955871_692094634314503_8127494964727118558_o-1024x683.jpg 1024w, https:\/\/buntesherzmusik.de\/wp-content\/uploads\/2017\/01\/19955871_692094634314503_8127494964727118558_o.jpg 1440w\" sizes=\"auto, (max-width: 300px) 100vw, 300px\" \/><\/p>\n<p>__________________________________________________________________________<\/p>\n<p>Freut Euch mit uns auf das Konzert am 21.05. im <a class=\"profileLink\" href=\"https:\/\/www.facebook.com\/Backes-160496243968146\/\" data-hovercard=\"\/ajax\/hovercard\/page.php?id=160496243968146\" data-hovercard-prefer-more-content-show=\"1\" data-hovercard-obj-id=\"160496243968146\">Backes<\/a>!<\/p>\n<p>Wir werden ein exklusives Set in gem\u00fctlicher Kneipen-Atmosph\u00e4re mit bis dahin noch nicht aufgef\u00fchrten neuen Songs spielen. Lasst Euch also \u00fcberraschen.<\/p>\n<p>Hier nochmal die Eckdaten:<\/p>\n<p>21.05.2017 ab 20:00 Uhr im Backes; Eintritt: 10\u20ac<\/p>\n<p><img loading=\"lazy\" decoding=\"async\" class=\"alignnone size-medium wp-image-181\" src=\"https:\/\/buntesherzmusik.de\/wp-content\/uploads\/2017\/01\/Plakat-f\u00fcrs-Backes1-page-001-207x300.jpg\" alt=\"\" width=\"207\" height=\"300\" srcset=\"https:\/\/buntesherzmusik.de\/wp-content\/uploads\/2017\/01\/Plakat-f\u00fcrs-Backes1-page-001-207x300.jpg 207w, https:\/\/buntesherzmusik.de\/wp-content\/uploads\/2017\/01\/Plakat-f\u00fcrs-Backes1-page-001-768x1112.jpg 768w, https:\/\/buntesherzmusik.de\/wp-content\/uploads\/2017\/01\/Plakat-f\u00fcrs-Backes1-page-001-707x1024.jpg 707w\" sizes=\"auto, (max-width: 207px) 100vw, 207px\" \/><\/p>\n<\/div>\n<p>__________________________________________________________________________<\/p>\n<p>Ihr wollt in unsere neue EP reinh\u00f6ren? Dann viel Spa\u00df dabei! Einfach auf &#8222;AUDIO&#8220; klicken.<br \/>\nCheck out our new EP on soundcloud! click &#8222;AUDIO&#8220;<br \/>\n\u0646\u0644\u0647\u0648 \u0645\u0639 \u0645\u0648\u0633\u064a\u0642\u0627\u0646\u0627<br \/>\n\u0627\u0632 \u0622\u0646 \u0644\u0630\u062a \u0628\u0628\u0631\u06cc\u062f \u0628\u0627 \u0645\u0648\u0633\u06cc\u0642\u06cc \u0645\u0627<\/p>\n<p>Unsere EP ist in den letzten Z\u00fcgen. Neugierig? Hier schon mal ein kleiner Einblick!<br \/>\n\u0642\u0631\u064a\u0628\u0627 \u0646\u0646\u062a\u0647\u064a \u0645\u0646 \u0625\u0635\u062f\u0627\u0631 \u0627\u0644\u0627\u0644\u0628\u0648\u0645 \u0627\u0644\u062c\u062f\u064a\u062f \u0648\u0647\u0630\u0627 \u0645\u0642\u062a\u0637\u0641 \u0645\u0646 \u0625\u062d\u062f\u0649 \u0627\u063a\u0627\u0646\u064a \u0623\u0644\u0628\u0648\u0645\u0646\u0627.<\/p>\n<p><iframe loading=\"lazy\" hcb-fetch-image-from=\"https:\/\/www.youtube.com\/watch?v=kXoWoivZP-I\" title=\"Buntes Herz - New EP\" width=\"525\" height=\"295\" src=\"https:\/\/www.youtube.com\/embed\/kXoWoivZP-I?feature=oembed\" frameborder=\"0\" allow=\"accelerometer; autoplay; clipboard-write; encrypted-media; gyroscope; picture-in-picture; web-share\" referrerpolicy=\"strict-origin-when-cross-origin\" allowfullscreen><\/iframe><\/p>\n<p>Wir freuen uns am 2.2.2017 gegen 10:00 Uhr beim K\u00f6lner Fl\u00fcchtlingsgipfel 2017 im Historischen Rathaus der Stadt K\u00f6ln spielen zu d\u00fcrfen.<\/p>\n","protected":false},"excerpt":{"rendered":"<p>Doppelkonzert am 10.03.24 mit der Microphone Mafia im Backes Buntes Herz beim colognepride in der LanxessArena Am 09.10. und am 10.10. rocken wir die LANXESS arena beim Cologne Pride. Sichert Euch jetzt Karten auf www.pridenow.de Mit dabei sind folgende K\u00fcnstler_innen: Finn &amp; Jonas, Kerstin Ott, MICHELLE, Tutty Tran, Marcel Mann, Abends mit Beleuchtung, Erika Laste &hellip; <\/p>\n<p class=\"link-more\"><a href=\"https:\/\/buntesherzmusik.de\/?page_id=91\" class=\"more-link\"><span class=\"screen-reader-text\">\u201eNews\u201c <\/span>weiterlesen<\/a><\/p>\n","protected":false},"author":1,"featured_media":0,"parent":0,"menu_order":0,"comment_status":"closed","ping_status":"closed","template":"","meta":{"footnotes":""},"class_list":["post-91","page","type-page","status-publish","hentry"],"_links":{"self":[{"href":"https:\/\/buntesherzmusik.de\/index.php?rest_route=\/wp\/v2\/pages\/91","targetHints":{"allow":["GET"]}}],"collection":[{"href":"https:\/\/buntesherzmusik.de\/index.php?rest_route=\/wp\/v2\/pages"}],"about":[{"href":"https:\/\/buntesherzmusik.de\/index.php?rest_route=\/wp\/v2\/types\/page"}],"author":[{"embeddable":true,"href":"https:\/\/buntesherzmusik.de\/index.php?rest_route=\/wp\/v2\/users\/1"}],"replies":[{"embeddable":true,"href":"https:\/\/buntesherzmusik.de\/index.php?rest_route=%2Fwp%2Fv2%2Fcomments&post=91"}],"version-history":[{"count":29,"href":"https:\/\/buntesherzmusik.de\/index.php?rest_route=\/wp\/v2\/pages\/91\/revisions"}],"predecessor-version":[{"id":471,"href":"https:\/\/buntesherzmusik.de\/index.php?rest_route=\/wp\/v2\/pages\/91\/revisions\/471"}],"wp:attachment":[{"href":"https:\/\/buntesherzmusik.de\/index.php?rest_route=%2Fwp%2Fv2%2Fmedia&parent=91"}],"curies":[{"name":"wp","href":"https:\/\/api.w.org\/{rel}","templated":true}]}}